{"id":20,"date":"2013-04-30T00:44:23","date_gmt":"2013-04-29T22:44:23","guid":{"rendered":"http:\/\/helmfoto.net\/?page_id=20"},"modified":"2016-07-08T15:36:30","modified_gmt":"2016-07-08T13:36:30","slug":"woa-wacken-open-air","status":"publish","type":"page","link":"https:\/\/helmfoto.net\/?page_id=20","title":{"rendered":"W:O:A &#8211; Wacken Open Air"},"content":{"rendered":"<p><a href=\"http:\/\/www.wacken.com\" target=\"_blank\"><embed src=\"http:\/\/banner.wacken.com\/banner\/banner_2014\/woa2014_banner_468x60.swf\" width=\"468\" height=\"60\"><\/embed><\/a><\/p>\n<p><a href=\"https:\/\/helmfoto.net\/galerie\/woa15\/\"><img loading=\"lazy\" class=\"alignleft wp-image-560\" src=\"https:\/\/helmfoto.net\/wp-content\/uploads\/2016\/05\/jhh_woa--300x96.jpg\" alt=\"jhh_woa-\" width=\"500\" height=\"160\" srcset=\"https:\/\/helmfoto.net\/wp-content\/uploads\/2016\/05\/jhh_woa--300x96.jpg 300w, https:\/\/helmfoto.net\/wp-content\/uploads\/2016\/05\/jhh_woa--768x246.jpg 768w, https:\/\/helmfoto.net\/wp-content\/uploads\/2016\/05\/jhh_woa--1024x328.jpg 1024w\" sizes=\"(max-width: 500px) 100vw, 500px\" \/><\/a><\/p>\n<p>&nbsp;<\/p>\n<p><b>Faster! Harder! Louder!\u00a0<\/b><\/p>\n<p>Wacken 2016 wird laut! Wacken 2016 wird hart! Wacken 2016 wird zum Zentrum der Metalwelt! Mega-Headliner Iron Maiden landet Anfang August mit ihrem bandeigenen Airbus \u00a0&#8222;Ed Force One&#8220; im hohen Norden der Republik, um das nach eigenen Angaben \u00a0gr\u00f6\u00dfte Heavy Metal Festival der Welt platt zu rocken.<\/p>\n<div id=\"attachment_563\" style=\"width: 310px\" class=\"wp-caption alignleft\"><a href=\"https:\/\/helmfoto.net\/galerie\/woa15\/\"><img aria-describedby=\"caption-attachment-563\" loading=\"lazy\" class=\"wp-image-563 size-medium\" src=\"https:\/\/helmfoto.net\/wp-content\/uploads\/2016\/05\/jhh_woa-8011921-300x225.jpg\" alt=\"OLYMPUS DIGITAL CAMERA\" width=\"300\" height=\"225\" srcset=\"https:\/\/helmfoto.net\/wp-content\/uploads\/2016\/05\/jhh_woa-8011921-300x225.jpg 300w, https:\/\/helmfoto.net\/wp-content\/uploads\/2016\/05\/jhh_woa-8011921-768x576.jpg 768w, https:\/\/helmfoto.net\/wp-content\/uploads\/2016\/05\/jhh_woa-8011921-1024x768.jpg 1024w\" sizes=\"(max-width: 300px) 100vw, 300px\" \/><\/a><p id=\"caption-attachment-563\" class=\"wp-caption-text\">Klick-mich! Hier gehts zur vollst\u00e4ndigen Bildergalerie!<\/p><\/div>\n<p>Nicht nur die unb\u00e4ndige Kraft ihres extravaganten Vehikels ist einzigartig. Auch der druckvolle und charakteristische Sound von\u00a0ihrem neuen Album &#8222;the Book of Souls&#8220; wird die Menge in Ekstase bringen. Wacken wird wieder einmal zum Schmelztiegel der Heavy-Metal Welt.<\/p>\n<p>&nbsp;<\/p>\n<div id=\"attachment_562\" style=\"width: 310px\" class=\"wp-caption alignright\"><a href=\"https:\/\/helmfoto.net\/galerie\/woa15\/\"><img aria-describedby=\"caption-attachment-562\" loading=\"lazy\" class=\"wp-image-562 size-medium\" src=\"https:\/\/helmfoto.net\/wp-content\/uploads\/2016\/05\/jhh_woa-8011866-2-300x221.jpg\" alt=\"OLYMPUS DIGITAL CAMERA\" width=\"300\" height=\"221\" srcset=\"https:\/\/helmfoto.net\/wp-content\/uploads\/2016\/05\/jhh_woa-8011866-2-300x221.jpg 300w, https:\/\/helmfoto.net\/wp-content\/uploads\/2016\/05\/jhh_woa-8011866-2-768x564.jpg 768w, https:\/\/helmfoto.net\/wp-content\/uploads\/2016\/05\/jhh_woa-8011866-2-1024x753.jpg 1024w\" sizes=\"(max-width: 300px) 100vw, 300px\" \/><\/a><p id=\"caption-attachment-562\" class=\"wp-caption-text\">Klick-mich! Hier gehts zur vollst\u00e4ndigen Bildergalerie!<\/p><\/div>\n<p>&nbsp;<\/p>\n<p>Bereits seit Jahren rei\u00dfen die Main-Gigs immer gr\u00f6\u00dfere Shows auf dem Festival in Schleswig-Holstein. Im vergangenen Wacken Jahr wurde erstmalig seit dem bestehen des Festival beide Hauptb\u00fchnen gleichzeitig benutzt. Das Musikprojekt &#8222;Trans Seberian Orchester&#8220; und Savatage spielten einen unglaubliche Show mit einem bisher nicht gekannten Aufgebot von Technik. Musikalisch wie theatralisch ein H\u00f6llenfeuerwerk!<\/p>\n<div id=\"attachment_565\" style=\"width: 310px\" class=\"wp-caption alignleft\"><a href=\"https:\/\/helmfoto.net\/galerie\/woa15\/\"><img aria-describedby=\"caption-attachment-565\" loading=\"lazy\" class=\"wp-image-565 size-medium\" src=\"https:\/\/helmfoto.net\/wp-content\/uploads\/2016\/05\/jhh_woa-7301718-300x225.jpg\" alt=\"OLYMPUS DIGITAL CAMERA\" width=\"300\" height=\"225\" srcset=\"https:\/\/helmfoto.net\/wp-content\/uploads\/2016\/05\/jhh_woa-7301718-300x225.jpg 300w, https:\/\/helmfoto.net\/wp-content\/uploads\/2016\/05\/jhh_woa-7301718-768x576.jpg 768w, https:\/\/helmfoto.net\/wp-content\/uploads\/2016\/05\/jhh_woa-7301718-1024x768.jpg 1024w, https:\/\/helmfoto.net\/wp-content\/uploads\/2016\/05\/jhh_woa-7301718.jpg 1400w\" sizes=\"(max-width: 300px) 100vw, 300px\" \/><\/a><p id=\"caption-attachment-565\" class=\"wp-caption-text\">Klick-mich! Hier gehts zur vollst\u00e4ndigen Bildergalerie!<\/p><\/div>\n<p>&nbsp;<\/p>\n<p>Neben Iron Maiden komplementiert die Running Order unter anderem Blind Guardian und Saxon. Die Macher versprechen wieder einmal ein bisher nie da gewesenes Festival auf dem Holy-Ground und wir freuen auf eine tobende Menge, die die Kameras nicht scheut.<\/p>\n<p>&nbsp;<\/p>\n<p><img class=\"ngg_displayed_gallery mceItem\" src=\"helmfoto.net\/index.php\/nextgen-attach_to_post\/preview\/id--556\" data-mce-placeholder=\"1\" \/><br \/>\n<a href=\"http:\/\/www.wacken.com\" target=\"_blank\"><embed src=\"http:\/\/banner.wacken.com\/banner\/banner_2014\/woa2014_banner_468x60.swf\" width=\"468\" height=\"60\"><\/embed><\/a><br \/>\n<strong>Rain or shine!<\/strong><br \/>\nDas diesj\u00e4hrige Wacken Open Air ist mit segendem Sonnenschein zu Ende gegangen. Neben Branchenprimus Rammstein, die mit ihrer spektakul\u00e4ren Feuershow \u00fcber 75 000 Metalheads zur extase getrieben haben, waren u.a. Altrocker Alice Cooper und Deep Purple auf den Holy Field.<\/p>\n<p><strong><a href=\"https:\/\/helmfoto.net\/wp-content\/uploads\/woa13\/Wacken%20Open%20Air%202013\/\">Hier gehts zur Bildergalerie:<\/a><\/strong><\/p>\n<p><img loading=\"lazy\" class=\"alignnone size-medium wp-image-363\" src=\"https:\/\/helmfoto.net\/wp-content\/uploads\/2013\/04\/J039463_2135-Kopie-300x241.jpg\" alt=\"Alice Cooper auf dem WOA\" width=\"300\" height=\"241\" srcset=\"https:\/\/helmfoto.net\/wp-content\/uploads\/2013\/04\/J039463_2135-Kopie-300x241.jpg 300w, https:\/\/helmfoto.net\/wp-content\/uploads\/2013\/04\/J039463_2135-Kopie-1024x825.jpg 1024w, https:\/\/helmfoto.net\/wp-content\/uploads\/2013\/04\/J039463_2135-Kopie.jpg 1315w\" sizes=\"(max-width: 300px) 100vw, 300px\" \/>Zwei Tage nach dem offiziellen Ende des gr\u00f6\u00dften Heavy Metal Gelages der Welt sind die 75 000 Karten bereits restlos ausverkauft. N\u00e4chstes Jahr feiert das Open Air Festival sein 25-j\u00e4hriges Jubil\u00e4um.<\/p>\n<p><a href=\"https:\/\/helmfoto.net\/wp-content\/uploads\/2013\/04\/7030018_2791-Kopie.jpg\"><img loading=\"lazy\" class=\"alignnone size-medium wp-image-364\" src=\"https:\/\/helmfoto.net\/wp-content\/uploads\/2013\/04\/7030018_2791-Kopie-300x225.jpg\" alt=\"Metalheads\" width=\"300\" height=\"225\" srcset=\"https:\/\/helmfoto.net\/wp-content\/uploads\/2013\/04\/7030018_2791-Kopie-300x225.jpg 300w, https:\/\/helmfoto.net\/wp-content\/uploads\/2013\/04\/7030018_2791-Kopie-1024x768.jpg 1024w, https:\/\/helmfoto.net\/wp-content\/uploads\/2013\/04\/7030018_2791-Kopie.jpg 2048w\" sizes=\"(max-width: 300px) 100vw, 300px\" \/><\/a><\/p>\n<p><strong><a href=\"https:\/\/helmfoto.net\/wp-content\/uploads\/woa13\/Wacken%20Open%20Air%202013\/\">Hier gehts zur Bildergalerie:<\/a><\/strong><\/p>\n<p>Wer zum Jubil\u00e4um den Headliner gibt und zig-tausende zum Gr\u00f6len und Mitfeiern bewegt ist bisher nicht verlautbart worden.<\/p>\n<p style=\"text-align: left;\"><a href=\"https:\/\/helmfoto.net\/wp-content\/uploads\/2013\/04\/J029221_2603-Kopie.jpg\"><img loading=\"lazy\" class=\"alignnone size-medium wp-image-365\" src=\"https:\/\/helmfoto.net\/wp-content\/uploads\/2013\/04\/J029221_2603-Kopie-300x225.jpg\" alt=\"feiernde Menge\" width=\"300\" height=\"225\" srcset=\"https:\/\/helmfoto.net\/wp-content\/uploads\/2013\/04\/J029221_2603-Kopie-300x225.jpg 300w, https:\/\/helmfoto.net\/wp-content\/uploads\/2013\/04\/J029221_2603-Kopie-1024x768.jpg 1024w, https:\/\/helmfoto.net\/wp-content\/uploads\/2013\/04\/J029221_2603-Kopie.jpg 2016w\" sizes=\"(max-width: 300px) 100vw, 300px\" \/><\/a><\/p>\n<p><strong><a href=\"https:\/\/helmfoto.net\/wp-content\/uploads\/woa13\/Wacken%20Open%20Air%202013\/\">Hier gehts zur Bildergalerie:<\/a><\/strong><br \/>\n<!--more--><br \/>\nZigtausend schwarz bekleidete Metalfans aus aller Welt reisen f\u00fcr einen gepflegten Tinitus und Headbanging pur zu uns in den hohen Norden. Wo Oma Gertrud sonst ihre Kaffesahne kauft, kaufen f\u00fcr eine Woche Musikliebhaber ihre fl\u00fcssig Nahrung &#8211; nat\u00fcrlich gebraut nach dem deutschen Reinheitsgebot.<\/p>\n<p>Rain or shine! Das diesj\u00e4hrige Wacken Open Air ist mit segendem Sonnenschein zu Ende gegangen. Neben Branchenprimus Rammstein, die mit ihrer spektakul\u00e4ren Feuershow \u00fcber 75 000 Metalheads zur extase getrieben haben, waren u.a. Altrocker Alice Cooper und Deep Purple auf den Holy Field.<a href=\"https:\/\/helmfoto.net\/wp-content\/uploads\/2013\/04\/J039463_2135-Kopie.jpg\"><img loading=\"lazy\" class=\"alignnone size-medium wp-image-363\" src=\"https:\/\/helmfoto.net\/wp-content\/uploads\/2013\/04\/J039463_2135-Kopie-300x241.jpg\" alt=\"Alice Cooper auf dem WOA\" width=\"300\" height=\"241\" srcset=\"https:\/\/helmfoto.net\/wp-content\/uploads\/2013\/04\/J039463_2135-Kopie-300x241.jpg 300w, https:\/\/helmfoto.net\/wp-content\/uploads\/2013\/04\/J039463_2135-Kopie-1024x825.jpg 1024w, https:\/\/helmfoto.net\/wp-content\/uploads\/2013\/04\/J039463_2135-Kopie.jpg 1315w\" sizes=\"(max-width: 300px) 100vw, 300px\" \/><\/a><\/p>\n<p><strong><a href=\"https:\/\/helmfoto.net\/wp-content\/uploads\/woa13\/Wacken%20Open%20Air%202013\/\">Hier gehts zur Bildergalerie:<\/a><\/strong><\/p>\n<p>Zwei Tage nach dem offiziellen Ende des gr\u00f6\u00dften Heavy Metal Gelages der Welt sind die 75 000 Karten bereits restlos ausverkauft. N\u00e4chstes Jahr feiert das Open Air Festival sein 25-j\u00e4hriges Jubil\u00e4um.<\/p>\n<p><a href=\"https:\/\/helmfoto.net\/wp-content\/uploads\/2013\/04\/7030018_2791-Kopie.jpg\"><img loading=\"lazy\" class=\"alignnone size-medium wp-image-364\" src=\"https:\/\/helmfoto.net\/wp-content\/uploads\/2013\/04\/7030018_2791-Kopie-300x225.jpg\" alt=\"Metalheads\" width=\"300\" height=\"225\" srcset=\"https:\/\/helmfoto.net\/wp-content\/uploads\/2013\/04\/7030018_2791-Kopie-300x225.jpg 300w, https:\/\/helmfoto.net\/wp-content\/uploads\/2013\/04\/7030018_2791-Kopie-1024x768.jpg 1024w, https:\/\/helmfoto.net\/wp-content\/uploads\/2013\/04\/7030018_2791-Kopie.jpg 2048w\" sizes=\"(max-width: 300px) 100vw, 300px\" \/><\/a><\/p>\n<p><strong><a href=\"https:\/\/helmfoto.net\/wp-content\/uploads\/woa13\/Wacken%20Open%20Air%202013\/\">Hier gehts zur Bildergalerie:<\/a><\/strong><\/p>\n<p>Wer zum Jubil\u00e4um den Headliner gibt und zig-tausende zum Gr\u00f6len und Mitfeiern bewegt ist bisher nicht verlautbart worden.<\/p>\n<p style=\"text-align: left;\"><a href=\"https:\/\/helmfoto.net\/wp-content\/uploads\/2013\/04\/J029221_2603-Kopie.jpg\"><img loading=\"lazy\" class=\"alignnone size-medium wp-image-365\" src=\"https:\/\/helmfoto.net\/wp-content\/uploads\/2013\/04\/J029221_2603-Kopie-300x225.jpg\" alt=\"feiernde Menge\" width=\"300\" height=\"225\" srcset=\"https:\/\/helmfoto.net\/wp-content\/uploads\/2013\/04\/J029221_2603-Kopie-300x225.jpg 300w, https:\/\/helmfoto.net\/wp-content\/uploads\/2013\/04\/J029221_2603-Kopie-1024x768.jpg 1024w, https:\/\/helmfoto.net\/wp-content\/uploads\/2013\/04\/J029221_2603-Kopie.jpg 2016w\" sizes=\"(max-width: 300px) 100vw, 300px\" \/><\/a><\/p>\n<p><strong><a href=\"https:\/\/helmfoto.net\/wp-content\/uploads\/woa13\/Wacken%20Open%20Air%202013\/\">Hier gehts zur Bildergalerie:<\/a><\/strong><\/p>\n","protected":false},"excerpt":{"rendered":"<p>&nbsp; Faster! Harder! Louder!\u00a0 Wacken 2016 wird laut! Wacken 2016 wird hart! Wacken 2016 wird zum Zentrum der Metalwelt! Mega-Headliner Iron Maiden landet Anfang August mit ihrem bandeigenen Airbus \u00a0&#8222;Ed Force One&#8220; im hohen Norden der Republik, um das nach eigenen Angaben \u00a0gr\u00f6\u00dfte Heavy Metal Festival der Welt platt zu rocken. Nicht nur die unb\u00e4ndige<a class=\"rmore\" href=\"https:\/\/helmfoto.net\/?page_id=20\">&nbsp;&nbsp; Read More &#8230;<\/a><\/p>\n","protected":false},"author":1,"featured_media":0,"parent":0,"menu_order":0,"comment_status":"open","ping_status":"open","template":"","meta":[],"_links":{"self":[{"href":"https:\/\/helmfoto.net\/index.php?rest_route=\/wp\/v2\/pages\/20"}],"collection":[{"href":"https:\/\/helmfoto.net\/index.php?rest_route=\/wp\/v2\/pages"}],"about":[{"href":"https:\/\/helmfoto.net\/index.php?rest_route=\/wp\/v2\/types\/page"}],"author":[{"embeddable":true,"href":"https:\/\/helmfoto.net\/index.php?rest_route=\/wp\/v2\/users\/1"}],"replies":[{"embeddable":true,"href":"https:\/\/helmfoto.net\/index.php?rest_route=%2Fwp%2Fv2%2Fcomments&post=20"}],"version-history":[{"count":35,"href":"https:\/\/helmfoto.net\/index.php?rest_route=\/wp\/v2\/pages\/20\/revisions"}],"predecessor-version":[{"id":576,"href":"https:\/\/helmfoto.net\/index.php?rest_route=\/wp\/v2\/pages\/20\/revisions\/576"}],"wp:attachment":[{"href":"https:\/\/helmfoto.net\/index.php?rest_route=%2Fwp%2Fv2%2Fmedia&parent=20"}],"curies":[{"name":"wp","href":"https:\/\/api.w.org\/{rel}","templated":true}]}}